{"id":1598,"date":"2023-08-18T17:09:56","date_gmt":"2023-08-18T15:09:56","guid":{"rendered":"https:\/\/fundaciongeniotipo.org\/politica-de-cookies\/"},"modified":"2024-02-19T11:12:06","modified_gmt":"2024-02-19T11:12:06","slug":"politica-de-cookies","status":"publish","type":"page","link":"https:\/\/fundaciongeniotipo.org\/ca\/politica-de-cookies\/","title":{"rendered":"Pol\u00edtica de Cookies"},"content":{"rendered":"\t\t<div data-elementor-type=\"wp-page\" data-elementor-id=\"1598\" class=\"elementor elementor-1598 elementor-1562\" data-elementor-post-type=\"page\">\n\t\t\t\t\t\t<section class=\"elementor-section elementor-top-section elementor-element elementor-element-3484089 elementor-section-boxed elementor-section-height-default elementor-section-height-default\" data-id=\"3484089\" data-element_type=\"section\" data-settings=\"{&quot;shape_divider_bottom&quot;:&quot;tilt&quot;}\">\n\t\t\t\t\t\t\t<div class=\"elementor-background-overlay\"><\/div>\n\t\t\t\t\t\t<div class=\"elementor-shape elementor-shape-bottom\" aria-hidden=\"true\" data-negative=\"false\">\n\t\t\t<svg xmlns=\"http:\/\/www.w3.org\/2000\/svg\" viewBox=\"0 0 1000 100\" preserveAspectRatio=\"none\">\n\t<path class=\"elementor-shape-fill\" d=\"M0,6V0h1000v100L0,6z\"\/>\n<\/svg>\t\t<\/div>\n\t\t\t\t\t<div class=\"elementor-container elementor-column-gap-default\">\n\t\t\t\t\t<div class=\"elementor-column elementor-col-100 elementor-top-column elementor-element elementor-element-47dcfef\" data-id=\"47dcfef\" data-element_type=\"column\">\n\t\t\t<div class=\"elementor-widget-wrap elementor-element-populated\">\n\t\t\t\t\t\t<div class=\"elementor-element elementor-element-0a4c76f elementor-widget elementor-widget-heading\" data-id=\"0a4c76f\" data-element_type=\"widget\" data-widget_type=\"heading.default\">\n\t\t\t\t<div class=\"elementor-widget-container\">\n\t\t\t\t\t<h1 class=\"elementor-heading-title elementor-size-default\">Pol\u00edtica de Cookies<\/h1>\t\t\t\t<\/div>\n\t\t\t\t<\/div>\n\t\t\t\t\t<\/div>\n\t\t<\/div>\n\t\t\t\t\t<\/div>\n\t\t<\/section>\n\t\t\t\t<section class=\"elementor-section elementor-top-section elementor-element elementor-element-6ad15fb elementor-section-boxed elementor-section-height-default elementor-section-height-default\" data-id=\"6ad15fb\" data-element_type=\"section\" id=\"propuestas\">\n\t\t\t\t\t\t<div class=\"elementor-container elementor-column-gap-no\">\n\t\t\t\t\t<div class=\"elementor-column elementor-col-100 elementor-top-column elementor-element elementor-element-65b8701\" data-id=\"65b8701\" data-element_type=\"column\">\n\t\t\t<div class=\"elementor-widget-wrap elementor-element-populated\">\n\t\t\t\t\t\t<div class=\"elementor-element elementor-element-c2944e9 elementor-widget elementor-widget-text-editor\" data-id=\"c2944e9\" data-element_type=\"widget\" data-widget_type=\"text-editor.default\">\n\t\t\t\t<div class=\"elementor-widget-container\">\n\t\t\t\t\t\t\t\t\t<p>Mitjan\u00e7ant aquest lloc web <strong>no es demanen dades de car\u00e0cter personal dels usuaris sense el seu coneixement, ni se cedeixen a tercers. <\/strong>Amb la finalitat d&#8217;oferir-vos el millor servei i amb l&#8217;objectiu de facilitar-ne l&#8217;\u00fas, s&#8217;analitzen el nombre de p\u00e0gines visitades, el nombre de visites, aix\u00ed com l&#8217;activitat dels visitants i la freq\u00fc\u00e8ncia d&#8217;utilitzaci\u00f3. A aquest efecte, <strong>Antoni Estruch S\u00e1nchez<\/strong> utilitza la informaci\u00f3 estad\u00edstica elaborada pel Prove\u00efdor de Serveis d&#8217;Internet.<\/p>\n<p><strong style=\"font-family: inherit; font-style: inherit; letter-spacing: 0px;\">Antoni Estruch S\u00e1nchez<\/strong> <span style=\"font-size: 16px; letter-spacing: 0px;\">no utilitza cookies per recollir informaci\u00f3 dels usuaris,<\/span> <span style=\"font-size: 16px; letter-spacing: 0px;\">ni registra les adreces IP dacc\u00e9s. \u00danicament s&#8217;utilitzen cookies pr\u00f2pies, de <\/span><span style=\"font-size: 16px; letter-spacing: 0px;\">sessi\u00f3, amb finalitat t\u00e8cnica (aquelles que permeten a l&#8217;usuari la navegaci\u00f3 a trav\u00e9s<\/span> <span style=\"font-size: 16px; letter-spacing: 0px;\">del lloc web i la utilitzaci\u00f3 de les diferents opcions i serveis que hi existeixen).<\/span><\/p>\n<p>El portal del qual \u00e9s titular <strong>Antoni Estruch S\u00e1nchez<\/strong> cont\u00e9 enlla\u00e7os a llocs web de tercers, les pol\u00edtiques de privadesa dels quals s\u00f3n alienes a la d&#8217; <strong>Antoni Estruch S\u00e1nchez<\/strong> En accedir a aquests llocs web vost\u00e8 pot decidir si accepta les seves pol\u00edtiques de privadesa i de cookies. Amb car\u00e0cter general, si navega per internet vost\u00e8 pot acceptar o rebutjar les galetes de tercers des de les opcions de configuraci\u00f3 del seu navegador.<\/p>\n<p><strong>QUI \u00c9S EL RESPONSABLE DE L&#8217;\u00daS DE LES COOKIES ALS SERVEIS D&#8217;ANTONI ESTRUCH S\u00c1NCHEZ?<\/strong><\/p>\n<p><span style=\"font-size: 16px; letter-spacing: 0px;\">El responsable \u00e9s<\/span><br \/><strong style=\"font-family: inherit; font-style: inherit; letter-spacing: 0px;\">Antoni Estruch S\u00e1nchez<\/strong><br \/><strong style=\"font-family: inherit; font-style: inherit; letter-spacing: 0px;\">44198511D<\/strong><br \/><strong style=\"font-family: inherit; font-style: inherit; letter-spacing: 0px;\">C\/ Major, 11, 08110, Montcada i Reixac, Barcelona<\/strong><br \/><strong>676 025 286<br \/><\/strong> <strong>info@fundaciongeniotipo.org<\/strong><\/p>\n<p><strong>PER QU\u00c8 UTILITZEM COOKIES?<br \/><\/strong> Els serveis d&#8217; <strong>Antoni Estruch S\u00e1nchez<\/strong> utilitzen galetes:<\/p>\n<ul>\n<li>Amb l&#8217;objectiu d&#8217;oferir a l&#8217;usuari continguts i informaci\u00f3 m\u00e9s adequats als seus interessos i facilitar-ne la navegaci\u00f3 a trav\u00e9s dels nostres serveis.<\/li>\n<li>Per registrar les prefer\u00e8ncies de l&#8217;usuari i proporcionar-vos un acc\u00e9s m\u00e9s r\u00e0pid.<\/li>\n<li>Per personalitzar els serveis que <strong>Antoni Estruch S\u00e1nchez<\/strong> facilitant i oferint a cada usuari informaci\u00f3 que \u00e9s del vostre inter\u00e8s o que pot ser del vostre inter\u00e8s, basant-se en l&#8217;\u00fas que realitza d&#8217;aquests serveis.<\/li>\n<li>Per con\u00e8ixer tots els serveis d&#8217; <strong>Antoni Estruch S\u00e1nchez<\/strong> sol\u00b7licitats pels usuaris durant la navegaci\u00f3, de manera que podran facilitar o oferir informaci\u00f3 adequada als gustos i les prefer\u00e8ncies de cada usuari.<\/li>\n<\/ul>\n<p><strong>QUINS TIPUS DE COOKIES HI HA ALS SERVEIS D&#8217;ANTONI ESTRUCH S\u00c1NCHEZ I QUINES S\u00d3N LES SEVES FINALITATS?<br \/><\/strong>En funci\u00f3 de la seva durada, les galetes es poden dividir en:<\/p>\n<ul>\n<li><strong>Galetes de sessi\u00f3:<\/strong> Aquestes expiren quan l&#8217;usuari tanca el navegador i s&#8217;esborren de l&#8217;ordinador o dispositiu en aquell moment.<\/li>\n<li><strong>Cookies persistents:<\/strong> Expireu en funci\u00f3 de quan es compleixi l&#8217;objectiu per al qual serveixen, per exemple, perqu\u00e8 l&#8217;usuari es mantingui identificat als Serveis d&#8217; <strong>Antoni Estruch S\u00e1nchez<\/strong> o b\u00e9 quan s&#8217;esborren.<\/li>\n<\/ul>\n<p>En funci\u00f3 de qui crea la Cookie es classifiquen en:<\/p>\n<ul>\n<li><strong>Cookies pr\u00f2pies:<\/strong> S\u00f3n les que envien a l&#8217;ordinador o dispositiu de l&#8217;usuari, els nostres serveis i s\u00f3n gestionades exclusivament per <strong>Antoni Estruch S\u00e1nchez<\/strong> <\/li>\n<\/ul>\n<p><strong>Cookies de tercers:<\/strong> Aquelles que s\u00f3n enviades per entitats alienes a <strong>Antoni Estruch S\u00e1nchez<\/strong> i que s&#8217;activen quan s&#8217;accedeix des dels nostres serveis a xarxes socials o visualitzar v\u00eddeos.<\/p>\n<p><strong>QUINES COOKIES ES PODEN INSTAL\u00b7LAR ALS SERVEIS D&#8217;ANTONI ESTRUCH S\u00c1NCHEZ?<br \/><\/strong> L&#8217;acc\u00e9s als Serveis d&#8217; <strong>Antoni Estruch S\u00e1nchez<\/strong> implica que es puguin instal\u00b7lar les galetes, pr\u00f2pies i\/o de tercers, que es detallen al seg\u00fcent quadre:<\/p>\n\t\t\t\t\t\t\t\t<\/div>\n\t\t\t\t<\/div>\n\t\t\t\t<div class=\"elementor-element elementor-element-8c5a72b elementor-widget elementor-widget-image\" data-id=\"8c5a72b\" data-element_type=\"widget\" data-widget_type=\"image.default\">\n\t\t\t\t<div class=\"elementor-widget-container\">\n\t\t\t\t\t\t\t\t\t\t\t\t\t\t\t<img fetchpriority=\"high\" decoding=\"async\" width=\"1024\" height=\"886\" src=\"https:\/\/fundaciongeniotipo.org\/wp-content\/uploads\/2023\/12\/Captura-de-pantalla-2023-12-12-a-las-0.41.41-1024x886.webp\" class=\"attachment-large size-large wp-image-2002\" alt=\"\" srcset=\"https:\/\/fundaciongeniotipo.org\/wp-content\/uploads\/2023\/12\/Captura-de-pantalla-2023-12-12-a-las-0.41.41-1024x886.webp 1024w, https:\/\/fundaciongeniotipo.org\/wp-content\/uploads\/2023\/12\/Captura-de-pantalla-2023-12-12-a-las-0.41.41-300x260.webp 300w, https:\/\/fundaciongeniotipo.org\/wp-content\/uploads\/2023\/12\/Captura-de-pantalla-2023-12-12-a-las-0.41.41-768x665.webp 768w, https:\/\/fundaciongeniotipo.org\/wp-content\/uploads\/2023\/12\/Captura-de-pantalla-2023-12-12-a-las-0.41.41-1536x1329.webp 1536w, https:\/\/fundaciongeniotipo.org\/wp-content\/uploads\/2023\/12\/Captura-de-pantalla-2023-12-12-a-las-0.41.41-600x519.webp 600w, https:\/\/fundaciongeniotipo.org\/wp-content\/uploads\/2023\/12\/Captura-de-pantalla-2023-12-12-a-las-0.41.41.webp 1680w\" sizes=\"(max-width: 1024px) 100vw, 1024px\" \/>\t\t\t\t\t\t\t\t\t\t\t\t\t\t\t<\/div>\n\t\t\t\t<\/div>\n\t\t\t\t<div class=\"elementor-element elementor-element-b318ee4 elementor-widget elementor-widget-text-editor\" data-id=\"b318ee4\" data-element_type=\"widget\" data-widget_type=\"text-editor.default\">\n\t\t\t\t<div class=\"elementor-widget-container\">\n\t\t\t\t\t\t\t\t\t<p><strong>Validesa i desactivaci\u00f3<br><\/strong> Les galetes temporals (cookies de sessi\u00f3) nom\u00e9s s&#8217;emmagatzemen temporalment al vostre ordinador o dispositiu terminal. Quan tanques el navegador, aquestes galetes s&#8217;eliminen autom\u00e0ticament.<\/p>\n<p>Les cookies permanents i tecnologies similars romanen emmagatzemades a la seva&nbsp; ordinador, tauleta o tel\u00e8fon intel\u00b7ligent fins i tot despr\u00e9s de tancar el navegador. Aix\u00f2&nbsp; ens permet recon\u00e8ixer-ho, per exemple, quan visiteu les nostres p\u00e0gines web m\u00e9s&nbsp; tarda. Per tant, l&#8217;eliminaci\u00f3 nom\u00e9s es fa si s&#8217;instal\u00b7la una nova versi\u00f3&nbsp; de les galetes, si s&#8217;hi oposa o si les mateixes galetes s&#8217;eliminen al dispositiu.<\/p>\n<p>La configuraci\u00f3 especial del navegador us permet acceptar, bloquejar o desactivar totes o algunes de les galetes del dispositiu.<\/p>\n<p>El manual corresponent dels navegadors m\u00e9s populars es pot trobar aqu\u00ed:<\/p>\n<ul>\n<li>Chrome https:\/\/support.google.com\/chrome\/answer\/ 95647?hl=ca&amp;ref_topic=34 34352<\/li>\n<li>Explorer https:\/\/support.microsoft.com\/ca-help\/17442\/windows-internet- explorer-delete-manage-cookies<\/li>\n<li>Firefox&nbsp; https:\/\/support.mozilla.org\/es\/kb\/habilitar-y-deshabilitar-cookies-sitios-web-&nbsp; rastrejar-prefer\u00e8ncies<\/li>\n<li>Safari https:\/\/support.apple.com\/kb\/PH21411?viewlocale=ca_ES&amp;locale=ca_CA<\/li>\n<\/ul>\n<p>Si heu consentit l&#8217;\u00fas de cookies, podeu retirar el vostre consentiment en qualsevol moment. Les galetes existents seran llavors eliminades.<\/p>\n<p><strong>QU\u00c8 PASSA SI ES DESHABILITEN LES COOKIES?<br><\/strong> En cas que es deshabilitin les galetes, no podrem mantenir les seves prefer\u00e8ncies i algunes funcionalitats dels serveis de&nbsp; <strong>Antoni Estruch S\u00e1nchez&nbsp;<\/strong> podrien quedar inoperatives, no podent oferir serveis personalitzats.<\/p>\n<p><strong>ACTUALITZACIONS I CANVIS A LA POL\u00cdTICA DE PRIVACITAT\/COOKIES<br>:<\/strong> Els serveis de&nbsp;<strong>Antoni Estruch S\u00e1nchez&nbsp;<\/strong> poden modificar aquesta Pol\u00edtica de Cookies en funci\u00f3 d&#8217;exig\u00e8ncies legislatives, reglament\u00e0ries, o amb la finalitat d&#8217;adaptar aquesta pol\u00edtica a les instruccions dictades per l&#8217;Ag\u00e8ncia Espanyola de Protecci\u00f3 de Dades, per aix\u00f2 s&#8217;aconsella als usuaris que la visitin peri\u00f2dicament.<\/p>\t\t\t\t\t\t\t\t<\/div>\n\t\t\t\t<\/div>\n\t\t\t\t\t<\/div>\n\t\t<\/div>\n\t\t\t\t\t<\/div>\n\t\t<\/section>\n\t\t\t\t<section class=\"elementor-section elementor-top-section elementor-element elementor-element-a9ce53f elementor-section-boxed elementor-section-height-default elementor-section-height-default\" data-id=\"a9ce53f\" data-element_type=\"section\" data-settings=\"{&quot;background_background&quot;:&quot;classic&quot;}\">\n\t\t\t\t\t\t<div class=\"elementor-container elementor-column-gap-default\">\n\t\t\t\t\t<div class=\"elementor-column elementor-col-100 elementor-top-column elementor-element elementor-element-095c059\" data-id=\"095c059\" data-element_type=\"column\">\n\t\t\t<div class=\"elementor-widget-wrap elementor-element-populated\">\n\t\t\t\t\t\t<div class=\"elementor-element elementor-element-eb0eae9 elementor-widget elementor-widget-heading\" data-id=\"eb0eae9\" data-element_type=\"widget\" data-widget_type=\"heading.default\">\n\t\t\t\t<div class=\"elementor-widget-container\">\n\t\t\t\t\t<h2 class=\"elementor-heading-title elementor-size-default\">Col\u00b7laborem amb<\/h2>\t\t\t\t<\/div>\n\t\t\t\t<\/div>\n\t\t\t\t<div class=\"elementor-element elementor-element-6e94511 uael-ins-normal uael-img-carousel-arrow-outside elementor-widget elementor-widget-uael-image-gallery\" data-id=\"6e94511\" data-element_type=\"widget\" data-settings=\"{&quot;slides_to_show&quot;:5,&quot;slides_to_show_mobile&quot;:1,&quot;column_gap&quot;:{&quot;unit&quot;:&quot;px&quot;,&quot;size&quot;:30,&quot;sizes&quot;:[]},&quot;slides_to_show_tablet&quot;:3,&quot;slides_to_scroll&quot;:1,&quot;slides_to_scroll_tablet&quot;:1,&quot;slides_to_scroll_mobile&quot;:1,&quot;column_gap_tablet&quot;:{&quot;unit&quot;:&quot;px&quot;,&quot;size&quot;:&quot;&quot;,&quot;sizes&quot;:[]},&quot;column_gap_mobile&quot;:{&quot;unit&quot;:&quot;px&quot;,&quot;size&quot;:&quot;&quot;,&quot;sizes&quot;:[]}}\" data-widget_type=\"uael-image-gallery.default\">\n\t\t\t\t<div class=\"elementor-widget-container\">\n\t\t\t\t\t<div class=\"uael-gallery-parent uael-caption- uael-gallery-unjustified\"><div data-image_carousel=\"{&quot;slidesToShow&quot;:5,&quot;slidesToScroll&quot;:1,&quot;autoplaySpeed&quot;:5000,&quot;autoplay&quot;:true,&quot;infinite&quot;:true,&quot;pauseOnHover&quot;:false,&quot;speed&quot;:500,&quot;arrows&quot;:true,&quot;dots&quot;:false,&quot;rtl&quot;:false,&quot;responsive&quot;:[{&quot;breakpoint&quot;:1024,&quot;settings&quot;:{&quot;slidesToShow&quot;:3,&quot;slidesToScroll&quot;:1}},{&quot;breakpoint&quot;:767,&quot;settings&quot;:{&quot;slidesToShow&quot;:1,&quot;slidesToScroll&quot;:1}}]}\" class=\"uael-img-gallery-wrap uael-img-carousel-wrap uael-nav-arrows\" data-filter-default=\"Tots\"><div class=\"uael-grid-item  uael-img-gallery-item-1\"><div class=\"uael-grid-item-content\"><a class=\"uael-grid-img uael-grid-gallery-img uael-ins-hover elementor-clickable\" target=\"_blank\" rel=\"dofollow noopener\" href=\"https:\/\/fundacionpegasus.org\/\" data-elementor-open-lightbox=\"no\"><div class=\"uael-grid-img-thumbnail uael-ins-target\"><img decoding=\"async\" width=\"300\" height=\"150\" src=\"https:\/\/fundaciongeniotipo.org\/wp-content\/uploads\/2023\/07\/pegasus-lg.webp\" class=\"attachment-full size-full wp-image-457\" alt=\"\" \/><\/div><div class=\"uael-grid-img-overlay\"><\/div><\/a><\/div><\/div><div class=\"uael-grid-item  uael-img-gallery-item-2\"><div class=\"uael-grid-item-content\"><a class=\"uael-grid-img uael-grid-gallery-img uael-ins-hover elementor-clickable\" target=\"_blank\" rel=\"dofollow noopener\" href=\"https:\/\/www.centrebesai.com\/\" data-elementor-open-lightbox=\"no\"><div class=\"uael-grid-img-thumbnail uael-ins-target\"><img decoding=\"async\" width=\"300\" height=\"150\" src=\"https:\/\/fundaciongeniotipo.org\/wp-content\/uploads\/2023\/07\/besai-lg.webp\" class=\"attachment-full size-full wp-image-482\" alt=\"\" \/><\/div><div class=\"uael-grid-img-overlay\"><\/div><\/a><\/div><\/div><div class=\"uael-grid-item  uael-img-gallery-item-3\"><div class=\"uael-grid-item-content\"><a class=\"uael-grid-img uael-grid-gallery-img uael-ins-hover elementor-clickable\" target=\"_blank\" rel=\"dofollow noopener\" href=\"https:\/\/barcelona.lagranjatc.com\/fundacio\/\" data-elementor-open-lightbox=\"no\"><div class=\"uael-grid-img-thumbnail uael-ins-target\"><img loading=\"lazy\" decoding=\"async\" width=\"300\" height=\"150\" src=\"https:\/\/fundaciongeniotipo.org\/wp-content\/uploads\/2023\/07\/la-granja-tc.webp\" class=\"attachment-full size-full wp-image-490\" alt=\"\" \/><\/div><div class=\"uael-grid-img-overlay\"><\/div><\/a><\/div><\/div><div class=\"uael-grid-item  uael-img-gallery-item-4\"><div class=\"uael-grid-item-content\"><a class=\"uael-grid-img uael-grid-gallery-img uael-ins-hover elementor-clickable\" target=\"_blank\" rel=\"dofollow noopener\" href=\"https:\/\/aepae.es\/\" data-elementor-open-lightbox=\"no\"><div class=\"uael-grid-img-thumbnail uael-ins-target\"><img loading=\"lazy\" decoding=\"async\" width=\"300\" height=\"150\" src=\"https:\/\/fundaciongeniotipo.org\/wp-content\/uploads\/2023\/07\/aepae-lg.webp\" class=\"attachment-full size-full wp-image-484\" alt=\"\" \/><\/div><div class=\"uael-grid-img-overlay\"><\/div><\/a><\/div><\/div><div class=\"uael-grid-item  uael-img-gallery-item-5\"><div class=\"uael-grid-item-content\"><a class=\"uael-grid-img uael-grid-gallery-img uael-ins-hover elementor-clickable\" target=\"_blank\" rel=\"dofollow noopener\" href=\"https:\/\/www.ub.edu\/portal\/web\/psicologia-es\/proyectos-de-investigacion\" data-elementor-open-lightbox=\"no\"><div class=\"uael-grid-img-thumbnail uael-ins-target\"><img loading=\"lazy\" decoding=\"async\" width=\"300\" height=\"150\" src=\"https:\/\/fundaciongeniotipo.org\/wp-content\/uploads\/2023\/07\/UB-lg.webp\" class=\"attachment-full size-full wp-image-488\" alt=\"\" \/><\/div><div class=\"uael-grid-img-overlay\"><\/div><\/a><\/div><\/div><\/div><\/div>\t\t\t\t<\/div>\n\t\t\t\t<\/div>\n\t\t\t\t\t<\/div>\n\t\t<\/div>\n\t\t\t\t\t<\/div>\n\t\t<\/section>\n\t\t\t\t<\/div>\n\t\t","protected":false},"excerpt":{"rendered":"<p>Pol\u00edtica de Cookies Mitjan\u00e7ant aquest lloc web no es demanen dades de car\u00e0cter personal dels usuaris sense el seu coneixement, ni se cedeixen a tercers. Amb la finalitat d&#8217;oferir-vos el millor servei i amb l&#8217;objectiu de facilitar-ne l&#8217;\u00fas, s&#8217;analitzen el nombre de p\u00e0gines visitades, el nombre de visites, aix\u00ed com l&#8217;activitat dels visitants i la [&hellip;]<\/p>\n","protected":false},"author":1,"featured_media":0,"parent":0,"menu_order":0,"comment_status":"closed","ping_status":"closed","template":"","meta":{"_acf_changed":false,"inline_featured_image":false,"footnotes":""},"class_list":["post-1598","page","type-page","status-publish","hentry"],"acf":[],"_links":{"self":[{"href":"https:\/\/fundaciongeniotipo.org\/ca\/wp-json\/wp\/v2\/pages\/1598","targetHints":{"allow":["GET"]}}],"collection":[{"href":"https:\/\/fundaciongeniotipo.org\/ca\/wp-json\/wp\/v2\/pages"}],"about":[{"href":"https:\/\/fundaciongeniotipo.org\/ca\/wp-json\/wp\/v2\/types\/page"}],"author":[{"embeddable":true,"href":"https:\/\/fundaciongeniotipo.org\/ca\/wp-json\/wp\/v2\/users\/1"}],"replies":[{"embeddable":true,"href":"https:\/\/fundaciongeniotipo.org\/ca\/wp-json\/wp\/v2\/comments?post=1598"}],"version-history":[{"count":2,"href":"https:\/\/fundaciongeniotipo.org\/ca\/wp-json\/wp\/v2\/pages\/1598\/revisions"}],"predecessor-version":[{"id":2641,"href":"https:\/\/fundaciongeniotipo.org\/ca\/wp-json\/wp\/v2\/pages\/1598\/revisions\/2641"}],"wp:attachment":[{"href":"https:\/\/fundaciongeniotipo.org\/ca\/wp-json\/wp\/v2\/media?parent=1598"}],"curies":[{"name":"wp","href":"https:\/\/api.w.org\/{rel}","templated":true}]}}